{"id":30,"date":"2023-04-06T07:26:03","date_gmt":"2023-04-06T07:26:03","guid":{"rendered":"https:\/\/reverbevents.webactivitix.com\/?page_id=30"},"modified":"2024-10-16T17:52:05","modified_gmt":"2024-10-16T17:52:05","slug":"eventos","status":"publish","type":"page","link":"https:\/\/reverbevents.es\/index.php\/eventos\/","title":{"rendered":"Eventos privados"},"content":{"rendered":"<p>[et_pb_section fb_built=\u00bb1&#8243; admin_label=\u00bbHeader\u00bb _builder_version=\u00bb4.20.4&#8243; _module_preset=\u00bbdefault\u00bb background_enable_color=\u00bboff\u00bb use_background_color_gradient=\u00bbon\u00bb background_color_gradient_direction=\u00bb135deg\u00bb background_color_gradient_stops=\u00bbrgba(0,0,0,0.45) 0%|rgba(30,21,112,0.86) 50%|rgba(0,0,0,0) 100%\u00bb background_color_gradient_overlays_image=\u00bbon\u00bb background_image=\u00bbhttps:\/\/reverbevents.es\/wp-content\/uploads\/2023\/04\/pexels-caio-59884-scaled.jpg\u00bb background_position=\u00bbcenter_left\u00bb background_enable_pattern_style=\u00bbon\u00bb background_pattern_color=\u00bbrgba(0,0,0,0.4)\u00bb background_pattern_size=\u00bbcustom\u00bb background_pattern_width=\u00bb18px\u00bb custom_padding=\u00bb27px||64px||false|false\u00bb bottom_divider_style=\u00bbramp2&#8243; bottom_divider_color=\u00bb#000000&#8243; collapsed=\u00bboff\u00bb global_colors_info=\u00bb{}\u00bb][et_pb_row column_structure=\u00bb1_2,1_2&#8243; _builder_version=\u00bb4.17.4&#8243; _module_preset=\u00bbdefault\u00bb custom_padding=\u00bb||||false|false\u00bb global_colors_info=\u00bb{}\u00bb][et_pb_column type=\u00bb1_2&#8243; _builder_version=\u00bb4.17.4&#8243; _module_preset=\u00bbdefault\u00bb global_colors_info=\u00bb{}\u00bb][et_pb_text _builder_version=\u00bb4.25.0&#8243; _module_preset=\u00bbe6504a1b-67eb-4b3d-b023-bcab277610b6&#8243; header_2_font=\u00bbReverbfont||||||||\u00bb header_2_text_color=\u00bb#FFFFFF\u00bb header_2_font_size=\u00bb61px\u00bb header_4_font=\u00bbInter|700||on|||||\u00bb header_4_text_color=\u00bb#29FF81&#8243; header_4_font_size=\u00bb14px\u00bb header_4_letter_spacing=\u00bb1px\u00bb header_4_line_height=\u00bb1.4em\u00bb custom_margin=\u00bb10px||15px||false|false\u00bb inline_fonts=\u00bbReverbfont\u00bb global_colors_info=\u00bb{}\u00bb]<\/p>\n<h1><span style=\"font-family: Reverbfont; font-weight: normal; color: #ffffff; font-size: xx-large;\">Eventos en Barcelona y Tarragona<\/span><\/h1>\n<p>[\/et_pb_text][et_pb_text _builder_version=\u00bb4.27.0&#8243; _module_preset=\u00bb1f09816e-184e-4ce5-a4cf-b39c52c423ca\u00bb text_font=\u00bbDM Sans||||||||\u00bb text_text_color=\u00bb#FFFFFF\u00bb text_font_size=\u00bb16px\u00bb text_line_height=\u00bb1.9em\u00bb text_font_size_tablet=\u00bb15px\u00bb text_font_size_phone=\u00bb14px\u00bb text_font_size_last_edited=\u00bbon|phone\u00bb header_font_size_tablet=\u00bb55px\u00bb header_font_size_last_edited=\u00bboff|desktop\u00bb global_colors_info=\u00bb{}\u00bb][\/et_pb_text][\/et_pb_column][et_pb_column type=\u00bb1_2&#8243; _builder_version=\u00bb4.17.4&#8243; _module_preset=\u00bbdefault\u00bb global_colors_info=\u00bb{}\u00bb][\/et_pb_column][\/et_pb_row][\/et_pb_section][et_pb_section fb_built=\u00bb1&#8243; _builder_version=\u00bb4.20.4&#8243; _module_preset=\u00bbdefault\u00bb background_color=\u00bb#000000&#8243; background_enable_image=\u00bboff\u00bb global_colors_info=\u00bb{}\u00bb][et_pb_row column_structure=\u00bb1_2,1_2&#8243; _builder_version=\u00bb4.20.4&#8243; _module_preset=\u00bbdefault\u00bb background_enable_image=\u00bboff\u00bb global_colors_info=\u00bb{}\u00bb][et_pb_column type=\u00bb1_2&#8243; _builder_version=\u00bb4.20.4&#8243; _module_preset=\u00bbdefault\u00bb background_enable_image=\u00bboff\u00bb global_colors_info=\u00bb{}\u00bb][dsm_perspective_image src=\u00bbhttps:\/\/reverbevents.es\/wp-content\/uploads\/2024\/07\/JM1088.jpg\u00bb title_text=\u00bbJ&#038;M1088&#8243; _builder_version=\u00bb4.25.0&#8243; _module_preset=\u00bbdefault\u00bb border_radii=\u00bbon|6px|6px|6px|6px\u00bb border_width_all=\u00bb4px\u00bb border_color_all=\u00bb#663399&#8243; box_shadow_style=\u00bbpreset1&#8243; box_shadow_color=\u00bb#663399&#8243; global_colors_info=\u00bb{}\u00bb][\/dsm_perspective_image][\/et_pb_column][et_pb_column type=\u00bb1_2&#8243; _builder_version=\u00bb4.20.4&#8243; _module_preset=\u00bbdefault\u00bb global_colors_info=\u00bb{}\u00bb][et_pb_text _builder_version=\u00bb4.20.4&#8243; _module_preset=\u00bbdefault\u00bb text_text_color=\u00bb#FFFFFF\u00bb global_colors_info=\u00bb{}\u00bb]<\/p>\n<p style=\"text-align: justify;\"><span>\u00a1Bienvenidos al apartado de eventos particulares de nuestra web! Si est\u00e1s buscando hacer de tu cumplea\u00f1os, aniversario, fiesta sorpresa o fiesta popular algo realmente especial y memorable, nosotros podemos ayudarte. Ofrecemos una amplia variedad de servicios de entretenimiento, incluyendo DJ, m\u00fasica en vivo, iluminaci\u00f3n, videomat\u00f3n y mucho m\u00e1s, para que tu evento sea un \u00e9xito. Nos encargamos de cada detalle, para que t\u00fa y tus invitados puedan disfrutar de la fiesta sin preocupaciones. Cont\u00e1ctanos para obtener m\u00e1s informaci\u00f3n sobre c\u00f3mo podemos ayudarte a planificar y organizar el evento perfecto para ti. \u00a1Haz de tu evento particular algo inolvidable con nuestros servicios de entretenimiento!<\/span><\/p>\n<p>[\/et_pb_text][\/et_pb_column][\/et_pb_row][et_pb_row _builder_version=\u00bb4.21.2&#8243; _module_preset=\u00bbdefault\u00bb custom_padding=\u00bb56px||77px|||\u00bb global_colors_info=\u00bb{}\u00bb][et_pb_column type=\u00bb4_4&#8243; _builder_version=\u00bb4.21.2&#8243; _module_preset=\u00bbdefault\u00bb global_colors_info=\u00bb{}\u00bb][et_pb_button button_url=\u00bbhttps:\/\/reverbevents.es\/index.php\/nuestros-packs\/\u00bb button_text=\u00bbConsulta nuestros Packs\u00bb button_alignment=\u00bbcenter\u00bb _builder_version=\u00bb4.21.2&#8243; _module_preset=\u00bbdefault\u00bb custom_button=\u00bbon\u00bb button_text_color=\u00bb#000000&#8243; button_bg_color=\u00bb#663399&#8243; button_border_radius=\u00bb22px\u00bb global_colors_info=\u00bb{}\u00bb][\/et_pb_button][\/et_pb_column][\/et_pb_row][\/et_pb_section][et_pb_section fb_built=\u00bb1&#8243; disabled_on=\u00bboff|off|off\u00bb admin_label=\u00bbHeader\u00bb _builder_version=\u00bb4.27.0&#8243; _module_preset=\u00bbdefault\u00bb background_color=\u00bb#000000&#8243; background_enable_image=\u00bboff\u00bb background_position=\u00bbcenter_left\u00bb custom_padding=\u00bb27px||64px||false|false\u00bb bottom_divider_style=\u00bbramp2&#8243; bottom_divider_color=\u00bb#000000&#8243; collapsed=\u00bboff\u00bb global_colors_info=\u00bb{}\u00bb][et_pb_row _builder_version=\u00bb4.17.4&#8243; _module_preset=\u00bbdefault\u00bb custom_padding=\u00bb||||false|false\u00bb global_colors_info=\u00bb{}\u00bb][et_pb_column type=\u00bb4_4&#8243; _builder_version=\u00bb4.17.4&#8243; _module_preset=\u00bbdefault\u00bb global_colors_info=\u00bb{}\u00bb][et_pb_text _builder_version=\u00bb4.25.0&#8243; _module_preset=\u00bbe6504a1b-67eb-4b3d-b023-bcab277610b6&#8243; header_2_font=\u00bbReverbfont||||||||\u00bb header_2_text_color=\u00bb#FFFFFF\u00bb header_2_font_size=\u00bb61px\u00bb header_4_font=\u00bbInter|700||on|||||\u00bb header_4_text_color=\u00bb#29FF81&#8243; header_4_font_size=\u00bb14px\u00bb header_4_letter_spacing=\u00bb1px\u00bb header_4_line_height=\u00bb1.4em\u00bb custom_margin=\u00bb10px||15px||false|false\u00bb inline_fonts=\u00bbReverbfont\u00bb global_colors_info=\u00bb{}\u00bb]<\/p>\n<h2><span style=\"font-family: Reverbfont; font-weight: normal; color: #ffffff;\">Organizaci\u00f3n de eventos en Tarragona<\/span><\/h2>\n<p>[\/et_pb_text][et_pb_text _builder_version=\u00bb4.27.0&#8243; _module_preset=\u00bb1f09816e-184e-4ce5-a4cf-b39c52c423ca\u00bb text_font=\u00bbDM Sans||||||||\u00bb text_text_color=\u00bb#FFFFFF\u00bb text_font_size=\u00bb16px\u00bb text_line_height=\u00bb1.9em\u00bb text_font_size_tablet=\u00bb15px\u00bb text_font_size_phone=\u00bb14px\u00bb text_font_size_last_edited=\u00bbon|phone\u00bb header_font_size_tablet=\u00bb55px\u00bb header_font_size_last_edited=\u00bboff|desktop\u00bb global_colors_info=\u00bb{}\u00bb]<\/p>\n<p style=\"text-align: justify;\"><span style=\"font-size: small;\">\u00bfEst\u00e1s buscando expertos en la <strong>organizaci\u00f3n de eventos en Tarragona<\/strong>? En Reverb Eventos, nos especializamos en hacer de cada celebraci\u00f3n una experiencia inolvidable. Ya sea que est\u00e9s planeando un cumplea\u00f1os, un aniversario, una boda o cualquier otro tipo de evento, ofrecemos una gama completa de servicios para cubrir todas tus necesidades. Desde DJs profesionales y m\u00fasica en vivo hasta sistemas de iluminaci\u00f3n de \u00faltima generaci\u00f3n y divertidos fotomatones, nos encargamos de cada detalle para que puedas disfrutar sin preocupaciones.<\/span><\/p>\n<p>[\/et_pb_text][et_pb_button button_url=\u00bbhttps:\/\/reverbevents.es\/index.php\/nuestros-packs\/\u00bb button_text=\u00bbContacta ahora\u00bb button_alignment=\u00bbcenter\u00bb _builder_version=\u00bb4.25.0&#8243; _module_preset=\u00bbdefault\u00bb custom_button=\u00bbon\u00bb button_text_color=\u00bb#000000&#8243; button_bg_color=\u00bb#663399&#8243; button_border_radius=\u00bb22px\u00bb global_colors_info=\u00bb{}\u00bb][\/et_pb_button][\/et_pb_column][\/et_pb_row][\/et_pb_section][et_pb_section fb_built=\u00bb1&#8243; disabled_on=\u00bboff|off|off\u00bb admin_label=\u00bbHeader\u00bb _builder_version=\u00bb4.27.0&#8243; _module_preset=\u00bbdefault\u00bb background_color=\u00bb#000000&#8243; background_enable_image=\u00bboff\u00bb background_position=\u00bbcenter_left\u00bb custom_padding=\u00bb27px||64px||false|false\u00bb bottom_divider_style=\u00bbramp2&#8243; bottom_divider_color=\u00bb#000000&#8243; collapsed=\u00bboff\u00bb global_colors_info=\u00bb{}\u00bb][et_pb_row _builder_version=\u00bb4.17.4&#8243; _module_preset=\u00bbdefault\u00bb custom_padding=\u00bb||||false|false\u00bb global_colors_info=\u00bb{}\u00bb][et_pb_column type=\u00bb4_4&#8243; _builder_version=\u00bb4.17.4&#8243; _module_preset=\u00bbdefault\u00bb global_colors_info=\u00bb{}\u00bb][et_pb_text _builder_version=\u00bb4.25.0&#8243; _module_preset=\u00bbe6504a1b-67eb-4b3d-b023-bcab277610b6&#8243; header_2_font=\u00bbReverbfont||||||||\u00bb header_2_text_color=\u00bb#FFFFFF\u00bb header_2_font_size=\u00bb61px\u00bb header_4_font=\u00bbInter|700||on|||||\u00bb header_4_text_color=\u00bb#29FF81&#8243; header_4_font_size=\u00bb14px\u00bb header_4_letter_spacing=\u00bb1px\u00bb header_4_line_height=\u00bb1.4em\u00bb custom_margin=\u00bb10px||15px||false|false\u00bb inline_fonts=\u00bbReverbfont\u00bb global_colors_info=\u00bb{}\u00bb]<\/p>\n<h2><span style=\"font-family: Reverbfont; font-weight: normal; color: #ffffff;\">Organizaci\u00f3n de eventos en Barcelona<\/span><\/h2>\n<p>[\/et_pb_text][et_pb_text _builder_version=\u00bb4.27.0&#8243; _module_preset=\u00bb1f09816e-184e-4ce5-a4cf-b39c52c423ca\u00bb text_font=\u00bbDM Sans||||||||\u00bb text_text_color=\u00bb#FFFFFF\u00bb text_font_size=\u00bb16px\u00bb text_line_height=\u00bb1.9em\u00bb text_font_size_tablet=\u00bb15px\u00bb text_font_size_phone=\u00bb14px\u00bb text_font_size_last_edited=\u00bbon|phone\u00bb header_font_size_tablet=\u00bb55px\u00bb header_font_size_last_edited=\u00bboff|desktop\u00bb global_colors_info=\u00bb{}\u00bb]<\/p>\n<p style=\"text-align: justify;\"><span style=\"font-size: small;\">La organizaci\u00f3n de eventos en Barcelona es una de nuestras especialidades, ofreciendo una amplia gama de servicios para cualquier tipo de evento. Ya sea que est\u00e9s planificando una boda, una conferencia, una fiesta de empresa o una celebraci\u00f3n familiar, nuestro equipo de expertos en organizaci\u00f3n de eventos en Barcelona se encargar\u00e1 de todos los detalles. Desde la selecci\u00f3n de lugares exclusivos y la contrataci\u00f3n de catering de alta calidad hasta la gesti\u00f3n de log\u00edstica y entretenimiento, nos aseguramos de que cada aspecto de tu evento sea perfecto.<\/span><\/p>\n<p>[\/et_pb_text][\/et_pb_column][\/et_pb_row][\/et_pb_section][et_pb_section fb_built=\u00bb1&#8243; _builder_version=\u00bb4.20.4&#8243; _module_preset=\u00bbdefault\u00bb custom_margin=\u00bb1px|||||\u00bb global_colors_info=\u00bb{}\u00bb][et_pb_row _builder_version=\u00bb4.20.4&#8243; _module_preset=\u00bbdefault\u00bb global_colors_info=\u00bb{}\u00bb][et_pb_column type=\u00bb4_4&#8243; _builder_version=\u00bb4.20.4&#8243; _module_preset=\u00bbdefault\u00bb global_colors_info=\u00bb{}\u00bb][et_pb_accordion _builder_version=\u00bb4.20.4&#8243; _module_preset=\u00bbdefault\u00bb border_radii=\u00bbon|48px|48px|48px|48px\u00bb global_colors_info=\u00bb{}\u00bb][et_pb_accordion_item title=\u00bb\u00bfQu\u00e9 consideramos un evento?\u00bb open=\u00bbon\u00bb _builder_version=\u00bb4.20.4&#8243; _module_preset=\u00bbdefault\u00bb global_colors_info=\u00bb{}\u00bb]<\/p>\n<p style=\"text-align: justify;\">Un evento es un lugar en el que un DJ mediante su equipo de sonido y luces toca m\u00fasica para una audiencia en vivo. Puede ser una fiesta publica, un cumplea\u00f1os, un evento familiar, un evento corporativo o cualquier otro tipo de evento que requiera m\u00fasica en vivo pinchada por nuestros DJs.<\/p>\n<p>[\/et_pb_accordion_item][et_pb_accordion_item title=\u00bb\u00bfComo actua un DJ en un evento?\u00bb _builder_version=\u00bb4.20.4&#8243; _module_preset=\u00bbdefault\u00bb global_colors_info=\u00bb{}\u00bb open=\u00bboff\u00bb]<\/p>\n<p style=\"text-align: justify;\">Un DJ en un evento selecciona y mezcla m\u00fasica en vivo para mantener a la audiencia bailando y divirti\u00e9ndose. Tambi\u00e9n puede hacer animar por el micro y interactuar con la audiencia para crear una experiencia de entretenimiento completa.<\/p>\n<p>[\/et_pb_accordion_item][et_pb_accordion_item title=\u00bb\u00bfC\u00f3mo se organiza?\u00bb _builder_version=\u00bb4.20.4&#8243; _module_preset=\u00bbdefault\u00bb global_colors_info=\u00bb{}\u00bb open=\u00bboff\u00bb]<\/p>\n<p style=\"text-align: justify;\">Si deseas contratar un DJ para tu evento, lo mejor es ponerte en contacto con nosotros con la mayor antelaci\u00f3n posible. De esta forma podremos conocer m\u00e1s detalles sobre el evento, como la fecha, la ubicaci\u00f3n, el n\u00famero de asistentes y los requisitos t\u00e9cnicos. El personal llegar\u00e1 con el equipo de sonido y luces necesario entre una y tres horas antes del evento para realizar el montaje. Una vez finalizado el evento, se encargaran de desmontar y retirar todos los equipos dejando el area en perfectas condiciones.<\/p>\n<p>[\/et_pb_accordion_item][et_pb_accordion_item title=\u00bb\u00bfQu\u00e9 estilos de m\u00fasica dispon\u00e9is?\u00bb _builder_version=\u00bb4.20.4&#8243; _module_preset=\u00bbdefault\u00bb global_colors_info=\u00bb{}\u00bb open=\u00bboff\u00bb]<\/p>\n<p style=\"text-align: justify;\">\u00a0Nos adaptamos a todos los publicos y edades. Nuestro equipo de DJs profesionales tiene experiencia en una amplia variedad de g\u00e9neros musicales, desde cl\u00e1sicos de la m\u00fasica hasta los \u00faltimos \u00e9xitos de la escena urbana nacional e internacional. Podemos personalizar la selecci\u00f3n musical para adaptarnos a tus gustos y preferencias. Si tienes alguna solicitud especial, no dudes en hac\u00e9rnoslo saber para que podamos incluirla en la lista de reproducci\u00f3n.<\/p>\n<p>[\/et_pb_accordion_item][et_pb_accordion_item title=\u00bb\u00bfC\u00f3mo puedo asegurarme de que mi DJ tenga la m\u00fasica adecuada para mi evento?\u00bb _builder_version=\u00bb4.20.4&#8243; _module_preset=\u00bbdefault\u00bb global_colors_info=\u00bb{}\u00bb open=\u00bboff\u00bb]<\/p>\n<p style=\"text-align: justify;\">Una vez confirmada la reserva con nosotros, podr\u00e1s contactar con tu DJ y proporcionarle informaci\u00f3n sobre los gustos musicales de los asistentes y el estilo de m\u00fasica que prefieres. Tambi\u00e9n puedes proporcionar una lista de canciones espec\u00edficas que te gustar\u00eda que se reproduzcan.<\/p>\n<p>[\/et_pb_accordion_item][et_pb_accordion_item title=\u00bb\u00bfCu\u00e1nto cuesta contratar un DJ para un evento?\u00bb _builder_version=\u00bb4.20.4&#8243; _module_preset=\u00bbdefault\u00bb global_colors_info=\u00bb{}\u00bb open=\u00bboff\u00bb]<\/p>\n<p style=\"text-align: justify;\">El precio de contratar un DJ para un evento depende de diversos factores, como la duraci\u00f3n del evento, la ubicaci\u00f3n, el n\u00famero de asistentes y los requisitos t\u00e9cnicos. Ofrecemos una amplia variedad de opciones y paquetes de precios para adaptarnos a tus necesidades y presupuesto. Cont\u00e1ctanos para obtener una cotizaci\u00f3n personalizada.El precio de contratar un DJ para un evento depende de diversos factores, como la duraci\u00f3n del evento, la ubicaci\u00f3n, el n\u00famero de asistentes y los requisitos t\u00e9cnicos. Ofrecemos una amplia variedad de opciones y paquetes de precios para adaptarnos a tus necesidades y presupuesto. Cont\u00e1ctanos para obtener una cotizaci\u00f3n personalizada.<\/p>\n<p>[\/et_pb_accordion_item][\/et_pb_accordion][\/et_pb_column][\/et_pb_row][\/et_pb_section]<\/p>\n","protected":false},"excerpt":{"rendered":"<p>Eventos en Barcelona y Tarragona<div class=\"et_pb_with_border et_pb_module dsm_perspective_image dsm_perspective_image_0\">\n\t\t\t\t\n\t\t\t\t\n\t\t\t\t\n\t\t\t\t\n\t\t\t\t\n\t\t\t\t\n\t\t\t\t<div class=\"et_pb_module_inner\">\n\t\t\t\t\t<div class=\"dsm-perspective-image-wrapper et_always_center_on_mobile\">\n\t\t\t\t\n\t\t\t\t\n\t\t\t\t<span class=\"et_pb_image_wrap has-box-shadow-overlay\"><div class=\"box-shadow-overlay\"><\/div><img decoding=\"async\" src=\"https:\/\/reverbevents.es\/wp-content\/uploads\/2024\/07\/JM1088.jpg\" alt=\"\" title=\"J&#038;M1088\" \/><\/span>\n\t\t\t<\/div>\n\t\t\t\t<\/div>\n\t\t\t<\/div>\u00a1Bienvenidos al apartado de eventos particulares de nuestra web! Si est\u00e1s buscando hacer de tu cumplea\u00f1os, aniversario, fiesta sorpresa o fiesta popular algo realmente especial y memorable, nosotros podemos ayudarte. Ofrecemos una amplia variedad de servicios de entretenimiento, incluyendo DJ, m\u00fasica [&hellip;]<\/p>\n","protected":false},"author":6,"featured_media":0,"parent":0,"menu_order":0,"comment_status":"closed","ping_status":"closed","template":"","meta":{"_et_pb_use_builder":"on","_et_pb_old_content":"","_et_gb_content_width":"","footnotes":""},"class_list":["post-30","page","type-page","status-publish","hentry"],"yoast_head":"<!-- This site is optimized with the Yoast SEO plugin v28.4 - https:\/\/yoast.com\/product\/yoast-seo-wordpress\/ -->\n<title>Soluciones para Eventos Particulares - DJ, M\u00fasica en Vivo y M\u00e1s<\/title>\n<meta name=\"description\" content=\"Reverb Eventos ofrece servicios completos para hacer de tu fiesta, cumplea\u00f1os o celebraci\u00f3n algo inolvidable. Desde DJs y m\u00fasica en vivo hasta iluminaci\u00f3n y videomat\u00f3n, nos encargamos de cada detalle para que disfrutes sin preocupaciones. Cont\u00e1ctanos para planificar el evento perfecto.\" \/>\n<meta name=\"robots\" content=\"index, follow, max-snippet:-1, max-image-preview:large, max-video-preview:-1\" \/>\n<link rel=\"canonical\" href=\"http:\/\/reverbevents.es\/index.php\/eventos\/\" \/>\n<meta property=\"og:locale\" content=\"es_ES\" \/>\n<meta property=\"og:type\" content=\"article\" \/>\n<meta property=\"og:title\" content=\"Soluciones para Eventos Particulares - DJ, M\u00fasica en Vivo y M\u00e1s\" \/>\n<meta property=\"og:description\" content=\"Reverb Eventos ofrece servicios completos para hacer de tu fiesta, cumplea\u00f1os o celebraci\u00f3n algo inolvidable. Desde DJs y m\u00fasica en vivo hasta iluminaci\u00f3n y videomat\u00f3n, nos encargamos de cada detalle para que disfrutes sin preocupaciones. Cont\u00e1ctanos para planificar el evento perfecto.\" \/>\n<meta property=\"og:url\" content=\"http:\/\/reverbevents.es\/index.php\/eventos\/\" \/>\n<meta property=\"og:site_name\" content=\"REVERBEVENTS.ES\" \/>\n<meta property=\"article:publisher\" content=\"https:\/\/www.facebook.com\/ReverbEventsOficial\" \/>\n<meta property=\"article:modified_time\" content=\"2024-10-16T17:52:05+00:00\" \/>\n<meta property=\"og:image\" content=\"https:\/\/reverbevents.es\/wp-content\/uploads\/2023\/04\/W.png\" \/>\n\t<meta property=\"og:image:width\" content=\"150\" \/>\n\t<meta property=\"og:image:height\" content=\"150\" \/>\n\t<meta property=\"og:image:type\" content=\"image\/png\" \/>\n<meta name=\"twitter:card\" content=\"summary_large_image\" \/>\n<meta name=\"twitter:label1\" content=\"Tiempo de lectura\" \/>\n\t<meta name=\"twitter:data1\" content=\"3 minutos\" \/>\n<script type=\"application\/ld+json\" class=\"yoast-schema-graph\">{\"@context\":\"https:\\\/\\\/schema.org\",\"@graph\":[{\"@type\":\"WebPage\",\"@id\":\"http:\\\/\\\/reverbevents.es\\\/index.php\\\/eventos\\\/\",\"url\":\"http:\\\/\\\/reverbevents.es\\\/index.php\\\/eventos\\\/\",\"name\":\"Soluciones para Eventos Particulares - DJ, M\u00fasica en Vivo y M\u00e1s\",\"isPartOf\":{\"@id\":\"https:\\\/\\\/reverbevents.es\\\/#website\"},\"datePublished\":\"2023-04-06T07:26:03+00:00\",\"dateModified\":\"2024-10-16T17:52:05+00:00\",\"description\":\"Reverb Eventos ofrece servicios completos para hacer de tu fiesta, cumplea\u00f1os o celebraci\u00f3n algo inolvidable. Desde DJs y m\u00fasica en vivo hasta iluminaci\u00f3n y videomat\u00f3n, nos encargamos de cada detalle para que disfrutes sin preocupaciones. Cont\u00e1ctanos para planificar el evento perfecto.\",\"breadcrumb\":{\"@id\":\"http:\\\/\\\/reverbevents.es\\\/index.php\\\/eventos\\\/#breadcrumb\"},\"inLanguage\":\"es\",\"potentialAction\":[{\"@type\":\"ReadAction\",\"target\":[\"http:\\\/\\\/reverbevents.es\\\/index.php\\\/eventos\\\/\"]}]},{\"@type\":\"BreadcrumbList\",\"@id\":\"http:\\\/\\\/reverbevents.es\\\/index.php\\\/eventos\\\/#breadcrumb\",\"itemListElement\":[{\"@type\":\"ListItem\",\"position\":1,\"name\":\"Portada\",\"item\":\"https:\\\/\\\/reverbevents.es\\\/\"},{\"@type\":\"ListItem\",\"position\":2,\"name\":\"Eventos privados\"}]},{\"@type\":\"WebSite\",\"@id\":\"https:\\\/\\\/reverbevents.es\\\/#website\",\"url\":\"https:\\\/\\\/reverbevents.es\\\/\",\"name\":\"REVERBEVENTS.ES\",\"description\":\"Empresa de organizaci\u00f3n de eventos\",\"publisher\":{\"@id\":\"https:\\\/\\\/reverbevents.es\\\/#organization\"},\"alternateName\":\"Reverb Events\",\"potentialAction\":[{\"@type\":\"SearchAction\",\"target\":{\"@type\":\"EntryPoint\",\"urlTemplate\":\"https:\\\/\\\/reverbevents.es\\\/?s={search_term_string}\"},\"query-input\":{\"@type\":\"PropertyValueSpecification\",\"valueRequired\":true,\"valueName\":\"search_term_string\"}}],\"inLanguage\":\"es\"},{\"@type\":\"Organization\",\"@id\":\"https:\\\/\\\/reverbevents.es\\\/#organization\",\"name\":\"REVERBEVENTS.ES\",\"url\":\"https:\\\/\\\/reverbevents.es\\\/\",\"logo\":{\"@type\":\"ImageObject\",\"inLanguage\":\"es\",\"@id\":\"https:\\\/\\\/reverbevents.es\\\/#\\\/schema\\\/logo\\\/image\\\/\",\"url\":\"https:\\\/\\\/reverbevents.es\\\/wp-content\\\/uploads\\\/2023\\\/04\\\/W.png\",\"contentUrl\":\"https:\\\/\\\/reverbevents.es\\\/wp-content\\\/uploads\\\/2023\\\/04\\\/W.png\",\"width\":150,\"height\":150,\"caption\":\"REVERBEVENTS.ES\"},\"image\":{\"@id\":\"https:\\\/\\\/reverbevents.es\\\/#\\\/schema\\\/logo\\\/image\\\/\"},\"sameAs\":[\"https:\\\/\\\/www.facebook.com\\\/ReverbEventsOficial\",\"https:\\\/\\\/www.instagram.com\\\/reverbevents.oficial\\\/\",\"https:\\\/\\\/www.tiktok.com\\\/@reverb.events\"]}]}<\/script>\n<!-- \/ Yoast SEO plugin. -->","yoast_head_json":{"title":"Soluciones para Eventos Particulares - DJ, M\u00fasica en Vivo y M\u00e1s","description":"Reverb Eventos ofrece servicios completos para hacer de tu fiesta, cumplea\u00f1os o celebraci\u00f3n algo inolvidable. Desde DJs y m\u00fasica en vivo hasta iluminaci\u00f3n y videomat\u00f3n, nos encargamos de cada detalle para que disfrutes sin preocupaciones. Cont\u00e1ctanos para planificar el evento perfecto.","robots":{"index":"index","follow":"follow","max-snippet":"max-snippet:-1","max-image-preview":"max-image-preview:large","max-video-preview":"max-video-preview:-1"},"canonical":"http:\/\/reverbevents.es\/index.php\/eventos\/","og_locale":"es_ES","og_type":"article","og_title":"Soluciones para Eventos Particulares - DJ, M\u00fasica en Vivo y M\u00e1s","og_description":"Reverb Eventos ofrece servicios completos para hacer de tu fiesta, cumplea\u00f1os o celebraci\u00f3n algo inolvidable. Desde DJs y m\u00fasica en vivo hasta iluminaci\u00f3n y videomat\u00f3n, nos encargamos de cada detalle para que disfrutes sin preocupaciones. Cont\u00e1ctanos para planificar el evento perfecto.","og_url":"http:\/\/reverbevents.es\/index.php\/eventos\/","og_site_name":"REVERBEVENTS.ES","article_publisher":"https:\/\/www.facebook.com\/ReverbEventsOficial","article_modified_time":"2024-10-16T17:52:05+00:00","og_image":[{"width":150,"height":150,"url":"https:\/\/reverbevents.es\/wp-content\/uploads\/2023\/04\/W.png","type":"image\/png"}],"twitter_card":"summary_large_image","twitter_misc":{"Tiempo de lectura":"3 minutos"},"schema":{"@context":"https:\/\/schema.org","@graph":[{"@type":"WebPage","@id":"http:\/\/reverbevents.es\/index.php\/eventos\/","url":"http:\/\/reverbevents.es\/index.php\/eventos\/","name":"Soluciones para Eventos Particulares - DJ, M\u00fasica en Vivo y M\u00e1s","isPartOf":{"@id":"https:\/\/reverbevents.es\/#website"},"datePublished":"2023-04-06T07:26:03+00:00","dateModified":"2024-10-16T17:52:05+00:00","description":"Reverb Eventos ofrece servicios completos para hacer de tu fiesta, cumplea\u00f1os o celebraci\u00f3n algo inolvidable. Desde DJs y m\u00fasica en vivo hasta iluminaci\u00f3n y videomat\u00f3n, nos encargamos de cada detalle para que disfrutes sin preocupaciones. Cont\u00e1ctanos para planificar el evento perfecto.","breadcrumb":{"@id":"http:\/\/reverbevents.es\/index.php\/eventos\/#breadcrumb"},"inLanguage":"es","potentialAction":[{"@type":"ReadAction","target":["http:\/\/reverbevents.es\/index.php\/eventos\/"]}]},{"@type":"BreadcrumbList","@id":"http:\/\/reverbevents.es\/index.php\/eventos\/#breadcrumb","itemListElement":[{"@type":"ListItem","position":1,"name":"Portada","item":"https:\/\/reverbevents.es\/"},{"@type":"ListItem","position":2,"name":"Eventos privados"}]},{"@type":"WebSite","@id":"https:\/\/reverbevents.es\/#website","url":"https:\/\/reverbevents.es\/","name":"REVERBEVENTS.ES","description":"Empresa de organizaci\u00f3n de eventos","publisher":{"@id":"https:\/\/reverbevents.es\/#organization"},"alternateName":"Reverb Events","potentialAction":[{"@type":"SearchAction","target":{"@type":"EntryPoint","urlTemplate":"https:\/\/reverbevents.es\/?s={search_term_string}"},"query-input":{"@type":"PropertyValueSpecification","valueRequired":true,"valueName":"search_term_string"}}],"inLanguage":"es"},{"@type":"Organization","@id":"https:\/\/reverbevents.es\/#organization","name":"REVERBEVENTS.ES","url":"https:\/\/reverbevents.es\/","logo":{"@type":"ImageObject","inLanguage":"es","@id":"https:\/\/reverbevents.es\/#\/schema\/logo\/image\/","url":"https:\/\/reverbevents.es\/wp-content\/uploads\/2023\/04\/W.png","contentUrl":"https:\/\/reverbevents.es\/wp-content\/uploads\/2023\/04\/W.png","width":150,"height":150,"caption":"REVERBEVENTS.ES"},"image":{"@id":"https:\/\/reverbevents.es\/#\/schema\/logo\/image\/"},"sameAs":["https:\/\/www.facebook.com\/ReverbEventsOficial","https:\/\/www.instagram.com\/reverbevents.oficial\/","https:\/\/www.tiktok.com\/@reverb.events"]}]}},"_links":{"self":[{"href":"https:\/\/reverbevents.es\/index.php\/wp-json\/wp\/v2\/pages\/30","targetHints":{"allow":["GET"]}}],"collection":[{"href":"https:\/\/reverbevents.es\/index.php\/wp-json\/wp\/v2\/pages"}],"about":[{"href":"https:\/\/reverbevents.es\/index.php\/wp-json\/wp\/v2\/types\/page"}],"author":[{"embeddable":true,"href":"https:\/\/reverbevents.es\/index.php\/wp-json\/wp\/v2\/users\/6"}],"replies":[{"embeddable":true,"href":"https:\/\/reverbevents.es\/index.php\/wp-json\/wp\/v2\/comments?post=30"}],"version-history":[{"count":24,"href":"https:\/\/reverbevents.es\/index.php\/wp-json\/wp\/v2\/pages\/30\/revisions"}],"predecessor-version":[{"id":1068,"href":"https:\/\/reverbevents.es\/index.php\/wp-json\/wp\/v2\/pages\/30\/revisions\/1068"}],"wp:attachment":[{"href":"https:\/\/reverbevents.es\/index.php\/wp-json\/wp\/v2\/media?parent=30"}],"curies":[{"name":"wp","href":"https:\/\/api.w.org\/{rel}","templated":true}]}}