{"id":38,"date":"2023-04-06T07:27:31","date_gmt":"2023-04-06T07:27:31","guid":{"rendered":"https:\/\/reverbevents.webactivitix.com\/?page_id=38"},"modified":"2024-07-23T13:25:41","modified_gmt":"2024-07-23T13:25:41","slug":"nuestros-djs","status":"publish","type":"page","link":"https:\/\/reverbevents.es\/index.php\/nuestros-djs\/","title":{"rendered":"Nuestros DJ&#8217;s"},"content":{"rendered":"<p>[et_pb_section fb_built=\u00bb1&#8243; admin_label=\u00bbHeader\u00bb _builder_version=\u00bb4.20.4&#8243; _module_preset=\u00bbdefault\u00bb background_enable_color=\u00bboff\u00bb use_background_color_gradient=\u00bbon\u00bb background_color_gradient_direction=\u00bb135deg\u00bb background_color_gradient_stops=\u00bbrgba(0,0,0,0.45) 0%|rgba(30,21,112,0.86) 50%|rgba(0,0,0,0) 100%\u00bb background_color_gradient_overlays_image=\u00bbon\u00bb background_image=\u00bbhttps:\/\/reverbevents.es\/wp-content\/uploads\/2023\/04\/pexels-cesar-de-miranda-2381596-scaled.jpg\u00bb background_enable_pattern_style=\u00bbon\u00bb background_pattern_color=\u00bbrgba(0,0,0,0.4)\u00bb background_pattern_size=\u00bbcustom\u00bb background_pattern_width=\u00bb18px\u00bb custom_padding=\u00bb27px||58px||false|false\u00bb bottom_divider_style=\u00bbramp2&#8243; bottom_divider_color=\u00bb#000000&#8243; collapsed=\u00bboff\u00bb global_colors_info=\u00bb{}\u00bb][et_pb_row column_structure=\u00bb1_2,1_2&#8243; _builder_version=\u00bb4.17.4&#8243; _module_preset=\u00bbdefault\u00bb custom_padding=\u00bb||||false|false\u00bb global_colors_info=\u00bb{}\u00bb][et_pb_column type=\u00bb1_2&#8243; _builder_version=\u00bb4.17.4&#8243; _module_preset=\u00bbdefault\u00bb global_colors_info=\u00bb{}\u00bb][et_pb_text _builder_version=\u00bb4.20.4&#8243; _module_preset=\u00bbe6504a1b-67eb-4b3d-b023-bcab277610b6&#8243; header_2_font=\u00bbReverbfont||||||||\u00bb header_2_text_color=\u00bb#FFFFFF\u00bb header_2_font_size=\u00bb61px\u00bb header_4_font=\u00bbInter|700||on|||||\u00bb header_4_text_color=\u00bb#29FF81&#8243; header_4_font_size=\u00bb14px\u00bb header_4_letter_spacing=\u00bb1px\u00bb header_4_line_height=\u00bb1.4em\u00bb custom_margin=\u00bb||23px||false|false\u00bb global_colors_info=\u00bb{}\u00bb inline_fonts=\u00bbReverbfont\u00bb]<\/p>\n<h1><span style=\"font-family: Reverbfont; font-weight: normal; color: #ffffff;\">Reverb DJ\u2019s: Profesionales para Hacer de tu Evento un \u00c9xito<\/span><\/h1>\n<p>[\/et_pb_text][et_pb_text _builder_version=\u00bb4.22.1&#8243; _module_preset=\u00bb1f09816e-184e-4ce5-a4cf-b39c52c423ca\u00bb text_font=\u00bbDM Sans||||||||\u00bb text_text_color=\u00bb#FFFFFF\u00bb text_font_size=\u00bb16px\u00bb text_line_height=\u00bb1.9em\u00bb text_font_size_tablet=\u00bb15px\u00bb text_font_size_phone=\u00bb14px\u00bb text_font_size_last_edited=\u00bbon|phone\u00bb header_font_size_tablet=\u00bb55px\u00bb header_font_size_last_edited=\u00bboff|desktop\u00bb global_colors_info=\u00bb{}\u00bb]<\/p>\n<p style=\"text-align: left;\"><span style=\"font-size: small;\">En Reverb Events, contamos con un equipo de DJs altamente cualificados para hacer que tu evento sea memorable. Desde Cruz de Lucas, con 20 a\u00f1os de experiencia y una habilidad \u00fanica para conectar con cualquier p\u00fablico, hasta Franfeel, conocido por su elegancia y adaptabilidad. Tambi\u00e9n tenemos a DJ Enka, un especialista en crear atm\u00f3sferas inolvidables, y Edud\u00fa, con una capacidad excepcional para adaptarse a cualquier tipo de evento. Adem\u00e1s, Alf La French aporta su vasta experiencia en m\u00fasica y producci\u00f3n, y Ra\u00fal Cano trae las \u00faltimas tendencias musicales. Cont\u00e1ctanos para descubrir c\u00f3mo cada uno de nuestros DJs puede aportar su talento a tu celebraci\u00f3n.<\/span><\/p>\n<p>[\/et_pb_text][\/et_pb_column][et_pb_column type=\u00bb1_2&#8243; _builder_version=\u00bb4.17.4&#8243; _module_preset=\u00bbdefault\u00bb global_colors_info=\u00bb{}\u00bb][\/et_pb_column][\/et_pb_row][\/et_pb_section][et_pb_section fb_built=\u00bb1&#8243; custom_padding_last_edited=\u00bbon|tablet\u00bb admin_label=\u00bbOur Guides\u00bb _builder_version=\u00bb4.20.4&#8243; use_background_color_gradient=\u00bbon\u00bb background_color_gradient_stops=\u00bb#000000 25%|#191d59 100%\u00bb custom_padding=\u00bb110px||110px|\u00bb custom_padding_tablet=\u00bb60px||60px|\u00bb custom_padding_phone=\u00bb\u00bb global_colors_info=\u00bb{}\u00bb][et_pb_row column_structure=\u00bb1_3,1_3,1_3&#8243; admin_label=\u00bbGuides Grid\u00bb _builder_version=\u00bb4.16&#8243; custom_padding=\u00bb40px|0px|40px|0px\u00bb global_colors_info=\u00bb{}\u00bb][et_pb_column type=\u00bb1_3&#8243; _builder_version=\u00bb4.16&#8243; custom_padding=\u00bb|||\u00bb global_colors_info=\u00bb{}\u00bb custom_padding__hover=\u00bb|||\u00bb][et_pb_blurb title=\u00bbCruz de Lucas\u00bb image=\u00bbhttps:\/\/reverbevents.es\/wp-content\/uploads\/2023\/10\/SERGI.jpg\u00bb _builder_version=\u00bb4.22.1&#8243; header_font=\u00bbReverbfont||||||||\u00bb header_text_color=\u00bb#ffffff\u00bb header_font_size=\u00bb49px\u00bb header_line_height=\u00bb1.5em\u00bb body_font=\u00bbPoppins||||||||\u00bb body_text_color=\u00bb#FFFFFF\u00bb body_font_size=\u00bb16px\u00bb body_line_height=\u00bb1.9em\u00bb animation_style=\u00bbzoom\u00bb animation_intensity_zoom=\u00bb10%\u00bb header_text_shadow_style=\u00bbpreset3&#8243; header_text_shadow_color=\u00bb#663399&#8243; border_radii_image=\u00bbon|20px|20px|20px|20px\u00bb border_width_all_image=\u00bb3px\u00bb border_color_all_image=\u00bb#663399&#8243; box_shadow_style_image=\u00bbpreset1&#8243; box_shadow_color_image=\u00bb#663399&#8243; locked=\u00bboff\u00bb global_colors_info=\u00bb{}\u00bb]<\/p>\n<p style=\"text-align: justify;\">Responsable de Reverb Events. Sus 20 a\u00f1os de experiencia como DJ, Speaker y locutor de Radio, con m\u00e1s de 500 actuaciones a su espalda le avalan. Un Dj energico, todoterreno, capaz de mover desde los m\u00e1s jovenes con los \u00faltimos hits del momento hasta los mas mayores con los mejores cl\u00e1sicos de siempre.<\/p>\n<p style=\"text-align: justify;\">Un \u00e9xito garantizado.<\/p>\n<p>[\/et_pb_blurb][\/et_pb_column][et_pb_column type=\u00bb1_3&#8243; _builder_version=\u00bb4.16&#8243; custom_padding=\u00bb|||\u00bb global_colors_info=\u00bb{}\u00bb custom_padding__hover=\u00bb|||\u00bb][et_pb_blurb title=\u00bbFranfeel\u00bb image=\u00bbhttps:\/\/reverbevents.es\/wp-content\/uploads\/2024\/04\/1000004496-01.jpeg\u00bb _builder_version=\u00bb4.25.0&#8243; header_font=\u00bbReverbfont||||||||\u00bb header_text_color=\u00bb#ffffff\u00bb header_font_size=\u00bb49px\u00bb header_line_height=\u00bb1.5em\u00bb body_font=\u00bbPoppins||||||||\u00bb body_text_color=\u00bb#FFFFFF\u00bb body_font_size=\u00bb16px\u00bb body_line_height=\u00bb1.9em\u00bb animation_style=\u00bbzoom\u00bb animation_intensity_zoom=\u00bb10%\u00bb header_text_shadow_style=\u00bbpreset3&#8243; header_text_shadow_color=\u00bb#663399&#8243; border_radii_image=\u00bbon|20px|20px|20px|20px\u00bb border_width_all_image=\u00bb3px\u00bb border_color_all_image=\u00bb#663399&#8243; box_shadow_style_image=\u00bbpreset1&#8243; box_shadow_color_image=\u00bb#663399&#8243; locked=\u00bboff\u00bb global_colors_info=\u00bb{}\u00bb]<\/p>\n<p style=\"text-align: justify;\">Calidad, finura, elegancia son los calificativos idoneos para hablar de un artista como \u00e9l. Un Dj con una gran experiencia, capaz de adaptarse a cualquier p\u00fablico sin dejar a nadie indiferente. Gran cultura musical y muchos a\u00f1os de experiencia.<\/p>\n<p style=\"text-align: justify;\">Todo un \u201cMust\u201d en tu evento.<\/p>\n<p>[\/et_pb_blurb][\/et_pb_column][et_pb_column type=\u00bb1_3&#8243; _builder_version=\u00bb4.16&#8243; custom_padding=\u00bb|||\u00bb global_colors_info=\u00bb{}\u00bb custom_padding__hover=\u00bb|||\u00bb][et_pb_blurb title=\u00bbDj Enka\u00bb image=\u00bbhttps:\/\/reverbevents.es\/wp-content\/uploads\/2023\/04\/DJENKA.png\u00bb _builder_version=\u00bb4.20.4&#8243; header_font=\u00bbReverbfont||||||||\u00bb header_text_color=\u00bb#ffffff\u00bb header_font_size=\u00bb49px\u00bb header_line_height=\u00bb1.5em\u00bb body_font=\u00bbPoppins||||||||\u00bb body_text_color=\u00bb#FFFFFF\u00bb body_font_size=\u00bb16px\u00bb body_line_height=\u00bb1.9em\u00bb animation_style=\u00bbzoom\u00bb animation_intensity_zoom=\u00bb10%\u00bb header_text_shadow_style=\u00bbpreset3&#8243; header_text_shadow_color=\u00bb#663399&#8243; border_radii_image=\u00bbon|20px|20px|20px|20px\u00bb border_width_all_image=\u00bb3px\u00bb border_color_all_image=\u00bb#663399&#8243; box_shadow_style_image=\u00bbpreset1&#8243; box_shadow_color_image=\u00bb#663399&#8243; locked=\u00bboff\u00bb global_colors_info=\u00bb{}\u00bb]<\/p>\n<p style=\"text-align: justify;\">Vers\u00e1til, especialista en hacer de un evento un d\u00eda inolvidable. Con gran psicologia musical de pista, cultura, carismatica, alegre\u2026. Una conexi\u00f3n perfecta con el p\u00fablico. Dj influyente con mas de 168K <br \/>seguidores en Twitch y Tik Tok.<\/p>\n<p style=\"text-align: justify;\">Tiene que estar<\/p>\n<p>[\/et_pb_blurb][\/et_pb_column][\/et_pb_row][et_pb_row column_structure=\u00bb1_3,1_3,1_3&#8243; admin_label=\u00bbGuides Grid\u00bb _builder_version=\u00bb4.16&#8243; custom_padding=\u00bb40px|0px|40px|0px\u00bb global_colors_info=\u00bb{}\u00bb][et_pb_column type=\u00bb1_3&#8243; _builder_version=\u00bb4.16&#8243; custom_padding=\u00bb|||\u00bb global_colors_info=\u00bb{}\u00bb custom_padding__hover=\u00bb|||\u00bb][et_pb_blurb title=\u00bbEdud\u00fa\u00bb image=\u00bbhttps:\/\/reverbevents.es\/wp-content\/uploads\/2023\/08\/edudu.jpg\u00bb _builder_version=\u00bb4.21.0&#8243; header_font=\u00bbReverbfont||||||||\u00bb header_text_color=\u00bb#ffffff\u00bb header_font_size=\u00bb49px\u00bb header_line_height=\u00bb1.5em\u00bb body_font=\u00bbPoppins||||||||\u00bb body_text_color=\u00bb#FFFFFF\u00bb body_font_size=\u00bb16px\u00bb body_line_height=\u00bb1.9em\u00bb animation_style=\u00bbzoom\u00bb animation_intensity_zoom=\u00bb10%\u00bb header_text_shadow_style=\u00bbpreset3&#8243; header_text_shadow_color=\u00bb#663399&#8243; border_radii_image=\u00bbon|20px|20px|20px|20px\u00bb border_width_all_image=\u00bb3px\u00bb border_color_all_image=\u00bb#663399&#8243; box_shadow_style_image=\u00bbpreset1&#8243; box_shadow_color_image=\u00bb#663399&#8243; locked=\u00bboff\u00bb global_colors_info=\u00bb{}\u00bb]<\/p>\n<p style=\"text-align: justify;\">DJ Edudu! Aqu\u00ed encontrar\u00e1s a un talentoso DJ con amplia experiencia, conocido por su seriedad y habilidad para adaptarse a cualquier tipo de evento. \u00a1Prep\u00e1rate para disfrutar de una experiencia musical inigualable!<\/p>\n<p>[\/et_pb_blurb][\/et_pb_column][et_pb_column type=\u00bb1_3&#8243; _builder_version=\u00bb4.16&#8243; custom_padding=\u00bb|||\u00bb global_colors_info=\u00bb{}\u00bb custom_padding__hover=\u00bb|||\u00bb][et_pb_blurb title=\u00bbAlf La French\u00bb image=\u00bbhttps:\/\/reverbevents.es\/wp-content\/uploads\/2023\/04\/ALFLAFRENCH.png\u00bb _builder_version=\u00bb4.22.1&#8243; header_font=\u00bbReverbfont||||||||\u00bb header_text_color=\u00bb#ffffff\u00bb header_font_size=\u00bb49px\u00bb header_line_height=\u00bb1.5em\u00bb body_font=\u00bbPoppins||||||||\u00bb body_text_color=\u00bb#FFFFFF\u00bb body_font_size=\u00bb16px\u00bb body_line_height=\u00bb1.9em\u00bb animation_style=\u00bbzoom\u00bb animation_intensity_zoom=\u00bb10%\u00bb header_text_shadow_style=\u00bbpreset3&#8243; header_text_shadow_color=\u00bb#663399&#8243; border_radii_image=\u00bbon|20px|20px|20px|20px\u00bb border_width_all_image=\u00bb3px\u00bb border_color_all_image=\u00bb#663399&#8243; box_shadow_style_image=\u00bbpreset1&#8243; box_shadow_color_image=\u00bb#663399&#8243; locked=\u00bboff\u00bb global_colors_info=\u00bb{}\u00bb]<\/p>\n<p style=\"text-align: justify;\">Dedicaci\u00f3n, pasi\u00f3n, trabajo y esfuerzo. Dj y productor desde el 1987, ha recorrido innumerables salas de Tarragona con longevas residencias. Artista con una grandiosa cultura musical. Actualmente<br \/>liderando Rolling House Records y realizando Vinil Sets.<\/p>\n<p>Un autentico Show.<\/p>\n<p>[\/et_pb_blurb][\/et_pb_column][et_pb_column type=\u00bb1_3&#8243; _builder_version=\u00bb4.16&#8243; custom_padding=\u00bb|||\u00bb global_colors_info=\u00bb{}\u00bb custom_padding__hover=\u00bb|||\u00bb][et_pb_blurb title=\u00bbRaul Cano\u00bb image=\u00bbhttps:\/\/reverbevents.es\/wp-content\/uploads\/2023\/04\/RAULCANO.png\u00bb _builder_version=\u00bb4.22.1&#8243; header_font=\u00bbReverbfont||||||||\u00bb header_text_color=\u00bb#ffffff\u00bb header_font_size=\u00bb49px\u00bb header_line_height=\u00bb1.5em\u00bb body_font=\u00bbPoppins||||||||\u00bb body_text_color=\u00bb#FFFFFF\u00bb body_font_size=\u00bb16px\u00bb body_line_height=\u00bb1.9em\u00bb animation_style=\u00bbzoom\u00bb animation_intensity_zoom=\u00bb10%\u00bb header_text_shadow_style=\u00bbpreset3&#8243; header_text_shadow_color=\u00bb#663399&#8243; border_radii_image=\u00bbon|20px|20px|20px|20px\u00bb border_width_all_image=\u00bb3px\u00bb border_color_all_image=\u00bb#663399&#8243; box_shadow_style_image=\u00bbpreset1&#8243; box_shadow_color_image=\u00bb#663399&#8243; locked=\u00bboff\u00bb global_colors_info=\u00bb{}\u00bb]<\/p>\n<p style=\"text-align: justify;\">Nuestro ni\u00f1o mimado. Directamente desde la academia Plastic DJ en Barcelona. Un Dj urbano, activo y comprometido. Conoce perfectamente las ultimas tendencias, tanto musicales como tecnicas sin olvidarse de la m\u00fasica de siempre.<\/p>\n<p>Fiesta es la palabra.<\/p>\n<p>[\/et_pb_blurb][\/et_pb_column][\/et_pb_row][et_pb_row _builder_version=\u00bb4.20.4&#8243; _module_preset=\u00bbdefault\u00bb global_colors_info=\u00bb{}\u00bb][et_pb_column type=\u00bb4_4&#8243; _builder_version=\u00bb4.20.4&#8243; _module_preset=\u00bbdefault\u00bb global_colors_info=\u00bb{}\u00bb][dsm_typing_effect before_typing_effect=\u00bbContactanos para ver la lista completa de\u00bb typing_effect=\u00bbDj&#8217;s|Animadores|Humoristas|Musicos|Cuentacuentos\u00bb _builder_version=\u00bb4.20.4&#8243; _module_preset=\u00bbdefault\u00bb header_text_align=\u00bbleft\u00bb header_text_color=\u00bb#FFFFFF\u00bb header_text_shadow_style=\u00bbpreset1&#8243; global_colors_info=\u00bb{}\u00bb][\/dsm_typing_effect][\/et_pb_column][\/et_pb_row][\/et_pb_section]<\/p>\n","protected":false},"excerpt":{"rendered":"<p>Reverb DJ\u2019s: Profesionales para Hacer de tu Evento un \u00c9xitoEn Reverb Events, contamos con un equipo de DJs altamente cualificados para hacer que tu evento sea memorable. Desde Cruz de Lucas, con 20 a\u00f1os de experiencia y una habilidad \u00fanica para conectar con cualquier p\u00fablico, hasta Franfeel, conocido por su elegancia y adaptabilidad. Tambi\u00e9n tenemos [&hellip;]<\/p>\n","protected":false},"author":6,"featured_media":0,"parent":0,"menu_order":0,"comment_status":"closed","ping_status":"closed","template":"","meta":{"_et_pb_use_builder":"on","_et_pb_old_content":"","_et_gb_content_width":"","footnotes":""},"class_list":["post-38","page","type-page","status-publish","hentry"],"yoast_head":"<!-- This site is optimized with the Yoast SEO plugin v28.4 - https:\/\/yoast.com\/product\/yoast-seo-wordpress\/ -->\n<title>DJs Profesionales para Eventos en Barcelona y Tarragona<\/title>\n<meta name=\"description\" content=\"En Reverb Events, contamos con DJs expertos como Cruz de Lucas, Franfeel, Dj Enka, Edud\u00fa, Alf La French y Raul Cano, cada uno con una trayectoria destacada para hacer de tu evento un \u00e9xito. Ofrecemos m\u00fasica adaptada a cada ocasi\u00f3n, garantizando una experiencia memorable. Cont\u00e1ctanos para conocer m\u00e1s sobre nuestros DJs y planificar el mejor entretenimiento para tu evento.\" \/>\n<meta name=\"robots\" content=\"index, follow, max-snippet:-1, max-image-preview:large, max-video-preview:-1\" \/>\n<link rel=\"canonical\" href=\"http:\/\/reverbevents.es\/index.php\/nuestros-djs\/\" \/>\n<meta property=\"og:locale\" content=\"es_ES\" \/>\n<meta property=\"og:type\" content=\"article\" \/>\n<meta property=\"og:title\" content=\"DJs Profesionales para Eventos en Barcelona y Tarragona\" \/>\n<meta property=\"og:description\" content=\"En Reverb Events, contamos con DJs expertos como Cruz de Lucas, Franfeel, Dj Enka, Edud\u00fa, Alf La French y Raul Cano, cada uno con una trayectoria destacada para hacer de tu evento un \u00e9xito. Ofrecemos m\u00fasica adaptada a cada ocasi\u00f3n, garantizando una experiencia memorable. Cont\u00e1ctanos para conocer m\u00e1s sobre nuestros DJs y planificar el mejor entretenimiento para tu evento.\" \/>\n<meta property=\"og:url\" content=\"http:\/\/reverbevents.es\/index.php\/nuestros-djs\/\" \/>\n<meta property=\"og:site_name\" content=\"REVERBEVENTS.ES\" \/>\n<meta property=\"article:publisher\" content=\"https:\/\/www.facebook.com\/ReverbEventsOficial\" \/>\n<meta property=\"article:modified_time\" content=\"2024-07-23T13:25:41+00:00\" \/>\n<meta property=\"og:image\" content=\"https:\/\/reverbevents.es\/wp-content\/uploads\/2023\/04\/W.png\" \/>\n\t<meta property=\"og:image:width\" content=\"150\" \/>\n\t<meta property=\"og:image:height\" content=\"150\" \/>\n\t<meta property=\"og:image:type\" content=\"image\/png\" \/>\n<meta name=\"twitter:card\" content=\"summary_large_image\" \/>\n<meta name=\"twitter:label1\" content=\"Tiempo de lectura\" \/>\n\t<meta name=\"twitter:data1\" content=\"3 minutos\" \/>\n<script type=\"application\/ld+json\" class=\"yoast-schema-graph\">{\"@context\":\"https:\\\/\\\/schema.org\",\"@graph\":[{\"@type\":\"WebPage\",\"@id\":\"http:\\\/\\\/reverbevents.es\\\/index.php\\\/nuestros-djs\\\/\",\"url\":\"http:\\\/\\\/reverbevents.es\\\/index.php\\\/nuestros-djs\\\/\",\"name\":\"DJs Profesionales para Eventos en Barcelona y Tarragona\",\"isPartOf\":{\"@id\":\"https:\\\/\\\/reverbevents.es\\\/#website\"},\"datePublished\":\"2023-04-06T07:27:31+00:00\",\"dateModified\":\"2024-07-23T13:25:41+00:00\",\"description\":\"En Reverb Events, contamos con DJs expertos como Cruz de Lucas, Franfeel, Dj Enka, Edud\u00fa, Alf La French y Raul Cano, cada uno con una trayectoria destacada para hacer de tu evento un \u00e9xito. Ofrecemos m\u00fasica adaptada a cada ocasi\u00f3n, garantizando una experiencia memorable. Cont\u00e1ctanos para conocer m\u00e1s sobre nuestros DJs y planificar el mejor entretenimiento para tu evento.\",\"breadcrumb\":{\"@id\":\"http:\\\/\\\/reverbevents.es\\\/index.php\\\/nuestros-djs\\\/#breadcrumb\"},\"inLanguage\":\"es\",\"potentialAction\":[{\"@type\":\"ReadAction\",\"target\":[\"http:\\\/\\\/reverbevents.es\\\/index.php\\\/nuestros-djs\\\/\"]}]},{\"@type\":\"BreadcrumbList\",\"@id\":\"http:\\\/\\\/reverbevents.es\\\/index.php\\\/nuestros-djs\\\/#breadcrumb\",\"itemListElement\":[{\"@type\":\"ListItem\",\"position\":1,\"name\":\"Portada\",\"item\":\"https:\\\/\\\/reverbevents.es\\\/\"},{\"@type\":\"ListItem\",\"position\":2,\"name\":\"Nuestros DJ&#8217;s\"}]},{\"@type\":\"WebSite\",\"@id\":\"https:\\\/\\\/reverbevents.es\\\/#website\",\"url\":\"https:\\\/\\\/reverbevents.es\\\/\",\"name\":\"REVERBEVENTS.ES\",\"description\":\"Empresa de organizaci\u00f3n de eventos\",\"publisher\":{\"@id\":\"https:\\\/\\\/reverbevents.es\\\/#organization\"},\"alternateName\":\"Reverb Events\",\"potentialAction\":[{\"@type\":\"SearchAction\",\"target\":{\"@type\":\"EntryPoint\",\"urlTemplate\":\"https:\\\/\\\/reverbevents.es\\\/?s={search_term_string}\"},\"query-input\":{\"@type\":\"PropertyValueSpecification\",\"valueRequired\":true,\"valueName\":\"search_term_string\"}}],\"inLanguage\":\"es\"},{\"@type\":\"Organization\",\"@id\":\"https:\\\/\\\/reverbevents.es\\\/#organization\",\"name\":\"REVERBEVENTS.ES\",\"url\":\"https:\\\/\\\/reverbevents.es\\\/\",\"logo\":{\"@type\":\"ImageObject\",\"inLanguage\":\"es\",\"@id\":\"https:\\\/\\\/reverbevents.es\\\/#\\\/schema\\\/logo\\\/image\\\/\",\"url\":\"https:\\\/\\\/reverbevents.es\\\/wp-content\\\/uploads\\\/2023\\\/04\\\/W.png\",\"contentUrl\":\"https:\\\/\\\/reverbevents.es\\\/wp-content\\\/uploads\\\/2023\\\/04\\\/W.png\",\"width\":150,\"height\":150,\"caption\":\"REVERBEVENTS.ES\"},\"image\":{\"@id\":\"https:\\\/\\\/reverbevents.es\\\/#\\\/schema\\\/logo\\\/image\\\/\"},\"sameAs\":[\"https:\\\/\\\/www.facebook.com\\\/ReverbEventsOficial\",\"https:\\\/\\\/www.instagram.com\\\/reverbevents.oficial\\\/\",\"https:\\\/\\\/www.tiktok.com\\\/@reverb.events\"]}]}<\/script>\n<!-- \/ Yoast SEO plugin. -->","yoast_head_json":{"title":"DJs Profesionales para Eventos en Barcelona y Tarragona","description":"En Reverb Events, contamos con DJs expertos como Cruz de Lucas, Franfeel, Dj Enka, Edud\u00fa, Alf La French y Raul Cano, cada uno con una trayectoria destacada para hacer de tu evento un \u00e9xito. Ofrecemos m\u00fasica adaptada a cada ocasi\u00f3n, garantizando una experiencia memorable. Cont\u00e1ctanos para conocer m\u00e1s sobre nuestros DJs y planificar el mejor entretenimiento para tu evento.","robots":{"index":"index","follow":"follow","max-snippet":"max-snippet:-1","max-image-preview":"max-image-preview:large","max-video-preview":"max-video-preview:-1"},"canonical":"http:\/\/reverbevents.es\/index.php\/nuestros-djs\/","og_locale":"es_ES","og_type":"article","og_title":"DJs Profesionales para Eventos en Barcelona y Tarragona","og_description":"En Reverb Events, contamos con DJs expertos como Cruz de Lucas, Franfeel, Dj Enka, Edud\u00fa, Alf La French y Raul Cano, cada uno con una trayectoria destacada para hacer de tu evento un \u00e9xito. Ofrecemos m\u00fasica adaptada a cada ocasi\u00f3n, garantizando una experiencia memorable. Cont\u00e1ctanos para conocer m\u00e1s sobre nuestros DJs y planificar el mejor entretenimiento para tu evento.","og_url":"http:\/\/reverbevents.es\/index.php\/nuestros-djs\/","og_site_name":"REVERBEVENTS.ES","article_publisher":"https:\/\/www.facebook.com\/ReverbEventsOficial","article_modified_time":"2024-07-23T13:25:41+00:00","og_image":[{"width":150,"height":150,"url":"https:\/\/reverbevents.es\/wp-content\/uploads\/2023\/04\/W.png","type":"image\/png"}],"twitter_card":"summary_large_image","twitter_misc":{"Tiempo de lectura":"3 minutos"},"schema":{"@context":"https:\/\/schema.org","@graph":[{"@type":"WebPage","@id":"http:\/\/reverbevents.es\/index.php\/nuestros-djs\/","url":"http:\/\/reverbevents.es\/index.php\/nuestros-djs\/","name":"DJs Profesionales para Eventos en Barcelona y Tarragona","isPartOf":{"@id":"https:\/\/reverbevents.es\/#website"},"datePublished":"2023-04-06T07:27:31+00:00","dateModified":"2024-07-23T13:25:41+00:00","description":"En Reverb Events, contamos con DJs expertos como Cruz de Lucas, Franfeel, Dj Enka, Edud\u00fa, Alf La French y Raul Cano, cada uno con una trayectoria destacada para hacer de tu evento un \u00e9xito. Ofrecemos m\u00fasica adaptada a cada ocasi\u00f3n, garantizando una experiencia memorable. Cont\u00e1ctanos para conocer m\u00e1s sobre nuestros DJs y planificar el mejor entretenimiento para tu evento.","breadcrumb":{"@id":"http:\/\/reverbevents.es\/index.php\/nuestros-djs\/#breadcrumb"},"inLanguage":"es","potentialAction":[{"@type":"ReadAction","target":["http:\/\/reverbevents.es\/index.php\/nuestros-djs\/"]}]},{"@type":"BreadcrumbList","@id":"http:\/\/reverbevents.es\/index.php\/nuestros-djs\/#breadcrumb","itemListElement":[{"@type":"ListItem","position":1,"name":"Portada","item":"https:\/\/reverbevents.es\/"},{"@type":"ListItem","position":2,"name":"Nuestros DJ&#8217;s"}]},{"@type":"WebSite","@id":"https:\/\/reverbevents.es\/#website","url":"https:\/\/reverbevents.es\/","name":"REVERBEVENTS.ES","description":"Empresa de organizaci\u00f3n de eventos","publisher":{"@id":"https:\/\/reverbevents.es\/#organization"},"alternateName":"Reverb Events","potentialAction":[{"@type":"SearchAction","target":{"@type":"EntryPoint","urlTemplate":"https:\/\/reverbevents.es\/?s={search_term_string}"},"query-input":{"@type":"PropertyValueSpecification","valueRequired":true,"valueName":"search_term_string"}}],"inLanguage":"es"},{"@type":"Organization","@id":"https:\/\/reverbevents.es\/#organization","name":"REVERBEVENTS.ES","url":"https:\/\/reverbevents.es\/","logo":{"@type":"ImageObject","inLanguage":"es","@id":"https:\/\/reverbevents.es\/#\/schema\/logo\/image\/","url":"https:\/\/reverbevents.es\/wp-content\/uploads\/2023\/04\/W.png","contentUrl":"https:\/\/reverbevents.es\/wp-content\/uploads\/2023\/04\/W.png","width":150,"height":150,"caption":"REVERBEVENTS.ES"},"image":{"@id":"https:\/\/reverbevents.es\/#\/schema\/logo\/image\/"},"sameAs":["https:\/\/www.facebook.com\/ReverbEventsOficial","https:\/\/www.instagram.com\/reverbevents.oficial\/","https:\/\/www.tiktok.com\/@reverb.events"]}]}},"_links":{"self":[{"href":"https:\/\/reverbevents.es\/index.php\/wp-json\/wp\/v2\/pages\/38","targetHints":{"allow":["GET"]}}],"collection":[{"href":"https:\/\/reverbevents.es\/index.php\/wp-json\/wp\/v2\/pages"}],"about":[{"href":"https:\/\/reverbevents.es\/index.php\/wp-json\/wp\/v2\/types\/page"}],"author":[{"embeddable":true,"href":"https:\/\/reverbevents.es\/index.php\/wp-json\/wp\/v2\/users\/6"}],"replies":[{"embeddable":true,"href":"https:\/\/reverbevents.es\/index.php\/wp-json\/wp\/v2\/comments?post=38"}],"version-history":[{"count":21,"href":"https:\/\/reverbevents.es\/index.php\/wp-json\/wp\/v2\/pages\/38\/revisions"}],"predecessor-version":[{"id":913,"href":"https:\/\/reverbevents.es\/index.php\/wp-json\/wp\/v2\/pages\/38\/revisions\/913"}],"wp:attachment":[{"href":"https:\/\/reverbevents.es\/index.php\/wp-json\/wp\/v2\/media?parent=38"}],"curies":[{"name":"wp","href":"https:\/\/api.w.org\/{rel}","templated":true}]}}